{"id":1040,"date":"2023-01-12T11:58:26","date_gmt":"2023-01-12T11:58:26","guid":{"rendered":"https:\/\/cdi.hr\/?page_id=1040"},"modified":"2023-05-17T10:08:37","modified_gmt":"2023-05-17T10:08:37","slug":"zaposljavanje","status":"publish","type":"page","link":"https:\/\/cdi.hr\/en\/zaposljavanje\/","title":{"rendered":"Zapo\u0161ljavanje"},"content":{"rendered":"<p><span style=\"color: #333333;\"><strong>Po\u0161alji otvorenu molbu za zapo\u0161ljavanje i u\u0111i u na\u0161u bazu ili se prijavi na specifi\u010dni natje\u010daj.<\/strong><\/span><\/p>\n<p><span style=\"color: #333333;\">Natje\u010daji:<\/span><\/p>\n<p><span style=\"color: #333333;\">I.<\/span><\/p>\n<div><span style=\"color: #333333;\"><strong><a style=\"color: #333333;\" href=\"https:\/\/cdi.hr\/en\/radnica-za-potporu-i-podrsku-osobama-starije-zivotne-dobi-i-osobama-u-nepovoljnom-polozaju-u-sklopu-projekta-zazeli-sretniju-starost-ii\/\"><span lang=\"HR\">Radnica za potporu i podr\u0161ku osobama starije \u017eivotne dobi i osobama u nepovoljnom polo\u017eaju u sklopu projekta \u201eZa\u017eeli sretniju starost II\u201c<\/span><\/a><\/strong><\/span><\/div>\n<div><span style=\"color: #333333;\">&#8211;<strong> 1. krug (12.1.2023. &#8211; 20.1.2023.) &#8211; ZAVR\u0160ENO<\/strong><\/span><\/div>\n<p><span style=\"color: #333333;\">II.<\/span><\/p>\n<p><span style=\"color: #333333;\"><strong><span lang=\"HR\"><a style=\"color: #333333;\" href=\"https:\/\/cdi.hr\/en\/zazeli-ii\/\">Radnica za potporu i podr\u0161ku osobama starije \u017eivotne dobi i osobama u nepovoljnom polo\u017eaju u sklopu projekta \u201eZa\u017eeli sretniju starost II\u201c<\/a> &#8211; 2. krug (23.01.2023. &#8211; 4.02.2023.) &#8211; ZAVR\u0160ENO<\/span><\/strong><\/span><\/p>\n<p><span style=\"color: #333333;\">III.<\/span><\/p>\n<div><span lang=\"HR\" style=\"color: #333333;\"><a style=\"color: #333333;\" href=\"https:\/\/cdi.hr\/en\/zazeli-iii\/\"><strong>Radnica za potporu i podr\u0161ku osobama starije \u017eivotne dobi i osobama u nepovoljnom polo\u017eaju u sklopu projekta \u201eZa\u017eeli sretniju starost II\u201c<\/strong> <\/a>&#8211;<strong> 3. krug (09.02.2023. &#8211; 16.02.2023.) &#8211; ZAVR\u0160ENO<\/strong><\/span><\/div>\n<div><\/div>\n<div><\/div>\n<div>\n<p><span style=\"color: #333333;\">IV.<\/span><\/p>\n<div><span lang=\"HR\" style=\"color: #333333;\"><a style=\"color: #333333;\" href=\"https:\/\/cdi.hr\/en\/zazeli-iv\/\"><strong>Radnica za potporu i podr\u0161ku osobama starije \u017eivotne dobi i osobama u nepovoljnom polo\u017eaju u sklopu projekta \u201eZa\u017eeli sretniju starost II\u201c<\/strong><\/a>&#8211; <strong>4. krug (1.03.2023. &#8211; 10.03.2023.) &#8211; ZAVR\u0160ENO<\/strong><\/span><\/div>\n<\/div>\n<div><\/div>\n<div><span style=\"color: #333333;\">V.<\/span><\/div>\n<div><span lang=\"HR\" style=\"color: #333333;\"><strong><a style=\"color: #333333;\" href=\"https:\/\/cdi.hr\/en\/zazeli-v\/\">Radnica za potporu i podr\u0161ku osobama starije \u017eivotne dobi i osobama u nepovoljnom polo\u017eaju u sklopu projekta \u201eZa\u017eeli sretniju starost II\u201c<\/a><\/strong>&#8211; 5<strong>. krug (22.03.2023. &#8211; 30.03.2023.) &#8211; ZAVR\u0160ENO<\/strong><\/span><\/div>\n<div><\/div>\n<div><span style=\"color: #333333;\">VI.<\/span><\/div>\n<div><span lang=\"HR\" style=\"color: #333333;\"><a style=\"color: #333333;\" href=\"https:\/\/cdi.hr\/en\/zazeli-vi\/\"><strong>Radnica za potporu i podr\u0161ku osobama starije \u017eivotne dobi i osobama u nepovoljnom polo\u017eaju u sklopu projekta \u201eZa\u017eeli sretniju starost II\u201c<\/strong><\/a>&#8211; 6<strong>. krug (20.04.2023. &#8211; 1.05.2023.) &#8211; ZAVR\u0160ENO<\/strong><\/span><\/div>","protected":false},"excerpt":{"rendered":"<p>Po\u0161alji otvorenu molbu za zapo\u0161ljavanje i u\u0111i u na\u0161u bazu ili se prijavi na specifi\u010dni natje\u010daj. Natje\u010daji: I. Radnica za potporu i podr\u0161ku osobama starije \u017eivotne dobi i osobama u nepovoljnom polo\u017eaju u sklopu projekta \u201eZa\u017eeli sretniju starost II\u201c &#8211;<\/p>","protected":false},"author":1,"featured_media":0,"parent":0,"menu_order":0,"comment_status":"closed","ping_status":"closed","template":"","meta":{"footnotes":""},"class_list":["post-1040","page","type-page","status-publish","hentry"],"_links":{"self":[{"href":"https:\/\/cdi.hr\/en\/wp-json\/wp\/v2\/pages\/1040"}],"collection":[{"href":"https:\/\/cdi.hr\/en\/wp-json\/wp\/v2\/pages"}],"about":[{"href":"https:\/\/cdi.hr\/en\/wp-json\/wp\/v2\/types\/page"}],"author":[{"embeddable":true,"href":"https:\/\/cdi.hr\/en\/wp-json\/wp\/v2\/users\/1"}],"replies":[{"embeddable":true,"href":"https:\/\/cdi.hr\/en\/wp-json\/wp\/v2\/comments?post=1040"}],"version-history":[{"count":18,"href":"https:\/\/cdi.hr\/en\/wp-json\/wp\/v2\/pages\/1040\/revisions"}],"predecessor-version":[{"id":1091,"href":"https:\/\/cdi.hr\/en\/wp-json\/wp\/v2\/pages\/1040\/revisions\/1091"}],"wp:attachment":[{"href":"https:\/\/cdi.hr\/en\/wp-json\/wp\/v2\/media?parent=1040"}],"curies":[{"name":"wp","href":"https:\/\/api.w.org\/{rel}","templated":true}]}}